{"id":5054,"date":"2016-06-16T12:20:44","date_gmt":"2016-06-16T15:20:44","guid":{"rendered":"http:\/\/157.245.141.11\/site\/de\/?post_type=event&#038;p=5054"},"modified":"2016-09-08T11:20:41","modified_gmt":"2016-09-08T14:20:41","slug":"happy-hour-cultural-finsterworld","status":"publish","type":"event","link":"https:\/\/goethebrasilia.org.br\/de\/kultur\/happy-hour-cultural-finsterworld\/","title":{"rendered":"Happy Hour Cultural &#8211; Finsterworld"},"content":{"rendered":"<h4>Happy Hour Cultural \u2013 KINO + \u00a0DEUTSCHE SPEZIALIT\u00c4TEN<\/h4>\n<p>Genie\u00dfen Sie mit uns einen Abend deutscher Kultur, schauen Sie mit uns einen deutschen Film an und propieren Sie deutsche, kulinarische Spezialit\u00e4ten!<br \/>\nAb 17 Uhr gibt es deutsche\u00a0Speisen von Chef Knut in unserem Hof zu kaufen.<\/p>\n<p>Um 18 Uhr 30: Film:<\/p>\n<h4>Finsterworld<\/h4>\n<p>Regie: Frauke Finsterwalder, Farbe, 95 Min., 2012\/13<\/p>\n<p>FINSTERWORLD spielt in einem scheinbar aus der Zeit gefallenen Deutschland. Ein Land, in dem immer die Sonne scheint, Kinder Schuluniformen tragen, Polizisten sich als B\u00e4ren verkleiden und Fu\u00dfpfleger alten Damen Kekse schenken. Hinter der Sch\u00f6nheit dieser Parallelwelt lauert jedoch der Abgrund \u2013 und dorthin geht die Reise.<br \/>\nEin gleicherma\u00dfen verzauberter wie entzaubernder Heimatfilm und eines der aufregenden deutschen Spielfilmdeb\u00fcts des Jahrs 2013, entstanden nach einem Drehbuch von Christian Kracht, dessen erster Roman Faserland (1995) immer schon dazu herausforderte, seinen Titel mit gelispeltem \u201es\u201c (also als \u201eth\u201c) auszusprechen, womit er sich unter der Hand zu \u201eFatherland\u201c verwandelte. FINSTERWORLD schlie\u00dft zwar auf raffinierte Weise an Faserland an, aber w\u00e4hrend die Protagonisten in Krachts Roman ausgiebig \u00fcber die \u00e4sthetische Totalkatastrophe Deutschland sinnierten, ist FINSTERWORLD eine eher zarte und behutsame Hasserkl\u00e4rung an Deutschland.<\/p>\n<p>In f\u00fcnf Handlungsstr\u00e4ngen, verpackt im drollig kuscheligen Kost\u00fcm einer leichten Charakterkom\u00f6die werden erstaunlich souver\u00e4n die Leerstellen zwischen Unschuld und Perversion, Liebensw\u00fcrdigkeit und Barbarei, Beil\u00e4ufigkeit und Pathos ausgelotet: die Fahrt eines Oberstufenkurses unter der Leitung des engagierten Lehrers Nickel (Christoph Bach) in ein ehemaliges Konzentrationslager, die Paar-Probleme eines Polizisten (Ronald Zehrfeld) und einer frustrierten Dokumentarfilmemacherin (Sandra H\u00fcller), die Romanze eines Fu\u00dfpflegers (Michael Maertens) mit einer Frau im Altenheim (Margit Carstensen), die Geschichte eines im Wald lebenden Einsiedlers (Johannes Krisch), der einen Raben gro\u00dfzieht, und die Autofahrt eines wohlhabenden und dar\u00fcber etwas versnobt gewordenen Best-Agers-Paares (Corinna Harfourch und Bernhard Sch\u00fctz), deren Sohn an der erw\u00e4hnten Klassenfahrt teilnimmt und dessen Oma wiederum die Frau im Altenheim ist. Allein das Licht f\u00fcr jede dieser Episoden ist passgenau gesetzt &#8211; mal liegt es leicht mattiert und fl\u00e4chig auf den Lederpolstern der Limousine, mal glei\u00dft es \u00fcber dem bl\u00fchenden Rapsfeld, dann wieder f\u00e4llt es retro-staubig durch die zerschlissenen Vorh\u00e4nge im Altenheim, wenn der Fu\u00dfpfleger der Klientin seine Liebe gesteht.<\/p>\n<p>Die einzelnen Segmente sind verst\u00f6rend miteinander verwoben, und die Dialoge treffen wie Messerstiche in die Befindlichkeiten unserer Gesellschaft und Zeit. Wie in einer Spirale drehen sich die Charaktere umeinander und sich selbst, bis hin zum dramatischen Schluss, den keiner wollte, den auch keiner kommen sah, der im R\u00fcckblick aber eine ber\u00fcckende Zwangsl\u00e4ufigkeit hat.<\/p>\n<p>Den Moment, in dem alles kippt, kann man indes nicht beschreiben, vielleicht weil er gar nicht recht auffindbar ist. Der gro\u00dfe Umschwung, er passiert schleichend, viele kleine Abgr\u00fcnde tun sich auf und das mit gro\u00dfer Wirkung.<br \/>\nEmpfehlungen:<\/p>\n<blockquote><p>Eine b\u00f6se Satire, die sich in episodischem Wahnsinn durch deutsche Komplexe bohrt. (S\u00fcddeutsche Zeitung)<\/p>\n<p>FINSTERWORLD ist aufgeladen mit grandiosen, provokanten S\u00e4tzen, die man so im Kino selten h\u00f6rt. (BR KinoKino)<\/p>\n<h5><\/h5>\n<\/blockquote>\n<h5>Biographie der Regisseurin:<\/h5>\n<p>Frauke Finsterwalder wurde 1975 in der Hansestadt Hamburg geboren. Nach dem Studium der Literaturwissenschaften und Geschichte in Berlin arbeitete sie am Maxim-Gorki-Theater und an der Volksb\u00fchne am Rosa-Luxemburg-Platz und war danach Redakteurin bei der S\u00fcddeutschen Zeitung. Sp\u00e4ter studierte sie Dokumentarfilmregie an der Hochschule f\u00fcr Fernsehen und Film M\u00fcnchen. Inzwischen lebt sie mit ihrer Familie in Ostafrika. FINSTERWORLD ist ihr erster Spielfilm.<\/p>\n<p>&nbsp;<\/p>\n<p><iframe loading=\"lazy\" width=\"500\" height=\"281\" src=\"https:\/\/www.youtube.com\/embed\/IItbaneONkQ?feature=oembed\" frameborder=\"0\" allowfullscreen><\/iframe><\/p>\n","protected":false},"excerpt":{"rendered":"<p>Happy Hour Cultural \u2013 KINO + \u00a0DEUTSCHE SPEZIALIT\u00c4TEN Genie\u00dfen Sie mit uns einen Abend deutscher Kultur, schauen Sie mit uns einen deutschen Film an und propieren Sie deutsche, kulinarische Spezialit\u00e4ten! Ab 17 Uhr gibt es deutsche\u00a0Speisen von Chef Knut in unserem Hof zu kaufen. Um 18 Uhr 30: Film: Finsterworld Regie: Frauke Finsterwalder, Farbe, 95 [&hellip;]<\/p>\n","protected":false},"featured_media":6098,"menu_order":0,"template":"","meta":{"inline_featured_image":false},"acf":{"start_date":"20160920","end_date":"","custom_date":"20.09.2016: Ab 17 Uhr - Food trucks;  18 Uhr 30: Beginn des Filmes","cost":"free","address":"<p>Audit\u00f3rio da ANE - Goethe-Zentrum Bras\u00edlia SEPS\/EQS 707\/907 Andar T\u00e9rreo<\/p>\n","map":"","link_title":"","link_url":"","show_grade_table":[],"set_to_child":false,"related_links_list":false,"related_files_list":false},"category":["kino"],"_links":{"self":[{"href":"https:\/\/goethebrasilia.org.br\/de\/wp-json\/wp\/v2\/event\/5054"}],"collection":[{"href":"https:\/\/goethebrasilia.org.br\/de\/wp-json\/wp\/v2\/event"}],"about":[{"href":"https:\/\/goethebrasilia.org.br\/de\/wp-json\/wp\/v2\/types\/event"}],"version-history":[{"count":1,"href":"https:\/\/goethebrasilia.org.br\/de\/wp-json\/wp\/v2\/event\/5054\/revisions"}],"predecessor-version":[{"id":6170,"href":"https:\/\/goethebrasilia.org.br\/de\/wp-json\/wp\/v2\/event\/5054\/revisions\/6170"}],"wp:featuredmedia":[{"embeddable":true,"href":"https:\/\/goethebrasilia.org.br\/de\/wp-json\/wp\/v2\/media\/6098"}],"wp:attachment":[{"href":"https:\/\/goethebrasilia.org.br\/de\/wp-json\/wp\/v2\/media?parent=5054"}],"curies":[{"name":"wp","href":"https:\/\/api.w.org\/{rel}","templated":true}]}}